{"id":90,"date":"2019-10-05T09:21:22","date_gmt":"2019-10-05T12:21:22","guid":{"rendered":"http:\/\/megaeletronicosjc.com.br\/index.php\/blog\/"},"modified":"2020-10-02T13:53:11","modified_gmt":"2020-10-02T16:53:11","slug":"noticias","status":"publish","type":"page","link":"https:\/\/megaeletronicosjc.com.br\/index.php\/noticias\/","title":{"rendered":"Not\u00edcias"},"content":{"rendered":"\t\t<div data-elementor-type=\"wp-page\" data-elementor-id=\"90\" class=\"elementor elementor-90\" data-elementor-settings=\"[]\">\n\t\t\t<div class=\"elementor-inner\">\n\t\t\t\t<div class=\"elementor-section-wrap\">\n\t\t\t\t\t\t\t<section class=\"elementor-element elementor-element-5a3ff00 elementor-section-boxed elementor-section-height-default elementor-section-height-default elementor-section elementor-top-section\" data-id=\"5a3ff00\" data-element_type=\"section\">\n\t\t\t\t\t\t<div class=\"elementor-container elementor-column-gap-default\">\n\t\t\t\t<div class=\"elementor-row\">\n\t\t\t\t<div class=\"aux-parallax-section elementor-element elementor-element-1833b1b elementor-column elementor-col-100 elementor-top-column\" data-id=\"1833b1b\" data-element_type=\"column\">\n\t\t\t<div class=\"elementor-column-wrap  elementor-element-populated\">\n\t\t\t\t\t<div class=\"elementor-widget-wrap\">\n\t\t\t\t<div class=\"elementor-element elementor-element-6612db4 aux-appear-watch-animation aux-fade-in-up elementor-widget elementor-widget-aux_recent_posts\" data-id=\"6612db4\" data-element_type=\"widget\" data-settings=\"{&quot;columns&quot;:&quot;3&quot;,&quot;columns_tablet&quot;:&quot;inherit&quot;,&quot;columns_mobile&quot;:&quot;1&quot;}\" data-widget_type=\"aux_recent_posts.default\">\n\t\t\t\t<div class=\"elementor-widget-container\">\n\t\t\t<script>auxinNS(\"auxin.content.loadmore.aufa2fe2f8\"); auxin.content.loadmore.aufa2fe2f8={\"nonce\":\"c820e085b7\",\"args\":{\"title\":\"\",\"subtitle\":\"\",\"cat\":[\" \"],\"num\":12,\"only_posts__in\":\"\",\"include\":\"\",\"exclude\":\"\",\"offset\":\"\",\"paged\":\"\",\"post_type\":\"post\",\"taxonomy_name\":\"category\",\"order_by\":\"date\",\"order\":\"DESC\",\"exclude_without_media\":\"no\",\"exclude_custom_post_formats\":\"no\",\"exclude_quote_link\":null,\"include_post_formats_in\":\"\",\"exclude_post_formats_in\":[],\"size\":\"4\",\"display_title\":\"yes\",\"words_num\":\"\",\"show_media\":\"yes\",\"display_like\":\"yes\",\"display_comments\":\"yes\",\"display_categories\":\"\",\"show_badge\":\"no\",\"content_layout\":\"default\",\"excerpt_len\":98,\"show_excerpt\":\"yes\",\"show_content\":\"yes\",\"show_info\":\"yes\",\"show_format_icon\":\"no\",\"show_date\":\"yes\",\"ignore_formats\":\"yes\",\"post_info_position\":\"before-title\",\"author_or_readmore\":\"none\",\"image_aspect_ratio\":\"0.56\",\"meta_info_position\":\"after-content\",\"desktop_cnum\":\"3\",\"tablet_cnum\":\"inherit\",\"phone_cnum\":\"1\",\"preview_mode\":\"grid\",\"grid_table_hover\":\"bgimage-bgcolor\",\"tag\":\"\",\"display_author_footer\":null,\"display_author_header\":\"yes\",\"preloadable\":\"yes\",\"preload_preview\":\"no\",\"preload_bgcolor\":null,\"extra_classes\":\"\",\"extra_column_classes\":\"\",\"custom_el_id\":\"\",\"carousel_space\":null,\"carousel_autoplay\":null,\"carousel_autoplay_delay\":null,\"carousel_navigation\":null,\"carousel_navigation_control\":null,\"carousel_nav_control_pos\":null,\"carousel_nav_control_skin\":null,\"carousel_loop\":null,\"request_from\":\"\",\"template_part_file\":\"theme-parts\\\/entry\\\/post-column\",\"extra_template_path\":\"\",\"universal_id\":\"aufa2fe2f8\",\"reset_query\":true,\"wp_query_args\":[],\"custom_wp_query\":\"\",\"loadmore_type\":\"next-prev\",\"loadmore_per_page\":12,\"content\":null,\"skip_wrappers\":true,\"content_width\":2000,\"inview_transition\":\"none\",\"inview_duration\":\"\",\"inview_delay\":\"\",\"inview_repeat\":\"no\",\"inview_offset\":\"\",\"called_from\":\"\"},\"handler\":\"aux_recent_posts\",\"per_page\":12};<\/script><section class=\"widget-container aux-ajax-type-next-prev aux-widget-recent-posts aux-parent-aufa2fe2f8\" style=\"\" ><div data-element-id=\"aufa2fe2f8\" class=\"aux-match-height aux-row aux-de-col3 aux-tb-col3 aux-mb-col1 aux-total-12 aux-no-meta aux-ajax-view  \" ><div class=\"aux-col aux-ajax-item post-51259\">\n                        <article class=\"post column-entry post-51259 type-post status-publish format-standard hentry category-tecnologia\">\n                                                        <div class=\"entry-media\"><div class=\"aux-media-frame aux-media-image aux-image-mask\"><a href=\"https:\/\/megaeletronicosjc.com.br\/index.php\/2026\/04\/30\/musk-diz-que-nao-leu-letras-miudas-sobre-openai-se-tornar-empresa-com-fins-lucrativos\/\"><img src=\"https:\/\/conteudo.imguol.com.br\/c\/noticias\/f7\/2026\/04\/30\/30abr26---elon-musk-no-tribunal-em-que-acontece-o-julgamento-de-seu-processo-sobre-a-conversao-da-openai-para-uma-entidade-com-fins-lucrativos-na-california-eua-1777583380655_v2_142x100.png\" align=\"left\"><\/a><\/div><\/div>\n                            \n                            <div class=\"entry-main\">\n                                                                                        \n                                <div class=\"entry-info\">\n                                                                    <div class=\"entry-date\">\n                                        <a href=\"https:\/\/megaeletronicosjc.com.br\/index.php\/2026\/04\/30\/musk-diz-que-nao-leu-letras-miudas-sobre-openai-se-tornar-empresa-com-fins-lucrativos\/\">\n                                            <time datetime=\"2026-04-30T22:25:07-03:00\" title=\"2026-04-30T22:25:07-03:00\" >30 de abril de 2026<\/time>\n                                        <\/a>\n                                    <\/div>\n                                                                                                    <span class=\"entry-meta-sep meta-sep\">by<\/span>\n                                    <span class=\"author vcard\">\n                                        <a href=\"https:\/\/megaeletronicosjc.com.br\/index.php\/author\/\" rel=\"author\" title=\"\nVer todas as postagens de \" >\n                                                                                    <\/a>\n                                    <\/span>\n                                                                                                                                                                        <\/div>\n                            \n                                <header class=\"entry-header\">\n                                \n                                    <h4 class=\"entry-title\">\n                                        <a href=\"https:\/\/megaeletronicosjc.com.br\/index.php\/2026\/04\/30\/musk-diz-que-nao-leu-letras-miudas-sobre-openai-se-tornar-empresa-com-fins-lucrativos\/\">\n                                            Musk diz que n\u00e3o leu &#8216;letras mi\u00fadas&#8217; sobre OpenAI se tornar empresa com fins lucrativos                                        <\/a>\n                                    <\/h4>\n                                                                    <div class=\"entry-format\">\n                                        <a href=\"https:\/\/megaeletronicosjc.com.br\/index.php\/2026\/04\/30\/musk-diz-que-nao-leu-letras-miudas-sobre-openai-se-tornar-empresa-com-fins-lucrativos\/\">\n                                            <div class=\"post-format format-\"> <\/div>\n                                        <\/a>\n                                    <\/div>\n                                <\/header>\n                            \n                                                            <div class=\"entry-content\">\n                                                                            <p>Elon Musk discutiu com o advogado de Sam Altman hoje sobre o timing de sua decis\u00e3o de processar a  ...<\/p><div class=\"clear\"><\/div>                                <\/div>\n                                                        \n                            <\/div>\n\n                        <\/article>\n<\/div><div class=\"aux-col aux-ajax-item post-51258\">\n                        <article class=\"post column-entry post-51258 type-post status-publish format-standard hentry category-tecnologia\">\n                                                        <div class=\"entry-media\"><div class=\"aux-media-frame aux-media-image aux-image-mask\"><a href=\"https:\/\/megaeletronicosjc.com.br\/index.php\/2026\/04\/30\/por-investimento-em-ia-zuckerberg-nao-descarta-novas-demissoes-em-massa-na-meta\/\"><img src=\"https:\/\/conteudo.imguol.com.br\/c\/noticias\/51\/2025\/10\/23\/meta-ai-mark-zuckerberg-1761235063254_v2_142x100.png\" align=\"left\"><\/a><\/div><\/div>\n                            \n                            <div class=\"entry-main\">\n                                                                                        \n                                <div class=\"entry-info\">\n                                                                    <div class=\"entry-date\">\n                                        <a href=\"https:\/\/megaeletronicosjc.com.br\/index.php\/2026\/04\/30\/por-investimento-em-ia-zuckerberg-nao-descarta-novas-demissoes-em-massa-na-meta\/\">\n                                            <time datetime=\"2026-04-30T22:25:07-03:00\" title=\"2026-04-30T22:25:07-03:00\" >30 de abril de 2026<\/time>\n                                        <\/a>\n                                    <\/div>\n                                                                                                    <span class=\"entry-meta-sep meta-sep\">by<\/span>\n                                    <span class=\"author vcard\">\n                                        <a href=\"https:\/\/megaeletronicosjc.com.br\/index.php\/author\/\" rel=\"author\" title=\"\nVer todas as postagens de \" >\n                                                                                    <\/a>\n                                    <\/span>\n                                                                                                                                                                        <\/div>\n                            \n                                <header class=\"entry-header\">\n                                \n                                    <h4 class=\"entry-title\">\n                                        <a href=\"https:\/\/megaeletronicosjc.com.br\/index.php\/2026\/04\/30\/por-investimento-em-ia-zuckerberg-nao-descarta-novas-demissoes-em-massa-na-meta\/\">\n                                            Por investimento em IA, Zuckerberg n\u00e3o descarta novas demiss\u00f5es em massa na Meta                                        <\/a>\n                                    <\/h4>\n                                                                    <div class=\"entry-format\">\n                                        <a href=\"https:\/\/megaeletronicosjc.com.br\/index.php\/2026\/04\/30\/por-investimento-em-ia-zuckerberg-nao-descarta-novas-demissoes-em-massa-na-meta\/\">\n                                            <div class=\"post-format format-\"> <\/div>\n                                        <\/a>\n                                    <\/div>\n                                <\/header>\n                            \n                                                            <div class=\"entry-content\">\n                                                                            <p>O presidente-executivo da Meta, Mark Zuckerberg, atribuiu demiss\u00f5es em massa planejadas da control ...<\/p><div class=\"clear\"><\/div>                                <\/div>\n                                                        \n                            <\/div>\n\n                        <\/article>\n<\/div><div class=\"aux-col aux-ajax-item post-51257\">\n                        <article class=\"post column-entry post-51257 type-post status-publish format-standard hentry category-tecnologia\">\n                                                        <div class=\"entry-media\"><div class=\"aux-media-frame aux-media-image aux-image-mask\"><a href=\"https:\/\/megaeletronicosjc.com.br\/index.php\/2026\/04\/30\/cobra-de-ate-15-metros-e-descoberta-e-pode-ser-uma-das-maiores-da-historia\/\"><img src=\"https:\/\/conteudo.imguol.com.br\/c\/noticias\/c1\/2026\/04\/30\/ilustracao-de-anaconda-manchada-escura-de-1890-1777585964460_v2_142x100.jpg\" align=\"left\"><\/a><\/div><\/div>\n                            \n                            <div class=\"entry-main\">\n                                                                                        \n                                <div class=\"entry-info\">\n                                                                    <div class=\"entry-date\">\n                                        <a href=\"https:\/\/megaeletronicosjc.com.br\/index.php\/2026\/04\/30\/cobra-de-ate-15-metros-e-descoberta-e-pode-ser-uma-das-maiores-da-historia\/\">\n                                            <time datetime=\"2026-04-30T22:25:07-03:00\" title=\"2026-04-30T22:25:07-03:00\" >30 de abril de 2026<\/time>\n                                        <\/a>\n                                    <\/div>\n                                                                                                    <span class=\"entry-meta-sep meta-sep\">by<\/span>\n                                    <span class=\"author vcard\">\n                                        <a href=\"https:\/\/megaeletronicosjc.com.br\/index.php\/author\/\" rel=\"author\" title=\"\nVer todas as postagens de \" >\n                                                                                    <\/a>\n                                    <\/span>\n                                                                                                                                                                        <\/div>\n                            \n                                <header class=\"entry-header\">\n                                \n                                    <h4 class=\"entry-title\">\n                                        <a href=\"https:\/\/megaeletronicosjc.com.br\/index.php\/2026\/04\/30\/cobra-de-ate-15-metros-e-descoberta-e-pode-ser-uma-das-maiores-da-historia\/\">\n                                            Cobra de at\u00e9 15 metros \u00e9 descoberta e pode ser uma das maiores da hist\u00f3ria                                        <\/a>\n                                    <\/h4>\n                                                                    <div class=\"entry-format\">\n                                        <a href=\"https:\/\/megaeletronicosjc.com.br\/index.php\/2026\/04\/30\/cobra-de-ate-15-metros-e-descoberta-e-pode-ser-uma-das-maiores-da-historia\/\">\n                                            <div class=\"post-format format-\"> <\/div>\n                                        <\/a>\n                                    <\/div>\n                                <\/header>\n                            \n                                                            <div class=\"entry-content\">\n                                                                            <p>Uma nova esp\u00e9cie de serpente pr\u00e9-hist\u00f3rica descoberta na \u00cdndia pode estar entre as maiores j\u00e1 regi ...<\/p><div class=\"clear\"><\/div>                                <\/div>\n                                                        \n                            <\/div>\n\n                        <\/article>\n<\/div><div class=\"aux-col aux-ajax-item post-51256\">\n                        <article class=\"post column-entry post-51256 type-post status-publish format-standard hentry category-tecnologia\">\n                                                        <div class=\"entry-media\"><div class=\"aux-media-frame aux-media-image aux-image-mask\"><a href=\"https:\/\/megaeletronicosjc.com.br\/index.php\/2026\/04\/30\/restauracao-de-operacoes-de-nuvem-no-oriente-medio-levara-meses-diz-amazon\/\"><img src=\"https:\/\/conteudo.imguol.com.br\/c\/noticias\/ed\/2026\/04\/30\/simbolo-da-amazon-web-services-aws-maior-provedor-de-computacao-em-nuvem-do-mundo-1777576218687_v2_142x100.png\" align=\"left\"><\/a><\/div><\/div>\n                            \n                            <div class=\"entry-main\">\n                                                                                        \n                                <div class=\"entry-info\">\n                                                                    <div class=\"entry-date\">\n                                        <a href=\"https:\/\/megaeletronicosjc.com.br\/index.php\/2026\/04\/30\/restauracao-de-operacoes-de-nuvem-no-oriente-medio-levara-meses-diz-amazon\/\">\n                                            <time datetime=\"2026-04-30T21:05:08-03:00\" title=\"2026-04-30T21:05:08-03:00\" >30 de abril de 2026<\/time>\n                                        <\/a>\n                                    <\/div>\n                                                                                                    <span class=\"entry-meta-sep meta-sep\">by<\/span>\n                                    <span class=\"author vcard\">\n                                        <a href=\"https:\/\/megaeletronicosjc.com.br\/index.php\/author\/\" rel=\"author\" title=\"\nVer todas as postagens de \" >\n                                                                                    <\/a>\n                                    <\/span>\n                                                                                                                                                                        <\/div>\n                            \n                                <header class=\"entry-header\">\n                                \n                                    <h4 class=\"entry-title\">\n                                        <a href=\"https:\/\/megaeletronicosjc.com.br\/index.php\/2026\/04\/30\/restauracao-de-operacoes-de-nuvem-no-oriente-medio-levara-meses-diz-amazon\/\">\n                                            Restaura\u00e7\u00e3o de opera\u00e7\u00f5es de nuvem no Oriente M\u00e9dio levar\u00e1 meses, diz Amazon                                        <\/a>\n                                    <\/h4>\n                                                                    <div class=\"entry-format\">\n                                        <a href=\"https:\/\/megaeletronicosjc.com.br\/index.php\/2026\/04\/30\/restauracao-de-operacoes-de-nuvem-no-oriente-medio-levara-meses-diz-amazon\/\">\n                                            <div class=\"post-format format-\"> <\/div>\n                                        <\/a>\n                                    <\/div>\n                                <\/header>\n                            \n                                                            <div class=\"entry-content\">\n                                                                            <p>A Amazon disse hoje que a restaura\u00e7\u00e3o das opera\u00e7\u00f5es de computa\u00e7\u00e3o em nuvem no Bahrein e nos Emirad ...<\/p><div class=\"clear\"><\/div>                                <\/div>\n                                                        \n                            <\/div>\n\n                        <\/article>\n<\/div><div class=\"aux-col aux-ajax-item post-51255\">\n                        <article class=\"post column-entry post-51255 type-post status-publish format-standard hentry category-tecnologia\">\n                                                        <div class=\"entry-media\"><div class=\"aux-media-frame aux-media-image aux-image-mask\"><a href=\"https:\/\/megaeletronicosjc.com.br\/index.php\/2026\/04\/30\/youtube-comeca-a-liberar-recurso-que-era-exclusivo-do-premium-para-todos\/\"><img src=\"https:\/\/conteudo.imguol.com.br\/c\/noticias\/2e\/2022\/03\/28\/logo-youtube-1648504142501_v2_142x100.jpg\" align=\"left\"><\/a><\/div><\/div>\n                            \n                            <div class=\"entry-main\">\n                                                                                        \n                                <div class=\"entry-info\">\n                                                                    <div class=\"entry-date\">\n                                        <a href=\"https:\/\/megaeletronicosjc.com.br\/index.php\/2026\/04\/30\/youtube-comeca-a-liberar-recurso-que-era-exclusivo-do-premium-para-todos\/\">\n                                            <time datetime=\"2026-04-30T21:05:08-03:00\" title=\"2026-04-30T21:05:08-03:00\" >30 de abril de 2026<\/time>\n                                        <\/a>\n                                    <\/div>\n                                                                                                    <span class=\"entry-meta-sep meta-sep\">by<\/span>\n                                    <span class=\"author vcard\">\n                                        <a href=\"https:\/\/megaeletronicosjc.com.br\/index.php\/author\/\" rel=\"author\" title=\"\nVer todas as postagens de \" >\n                                                                                    <\/a>\n                                    <\/span>\n                                                                                                                                                                        <\/div>\n                            \n                                <header class=\"entry-header\">\n                                \n                                    <h4 class=\"entry-title\">\n                                        <a href=\"https:\/\/megaeletronicosjc.com.br\/index.php\/2026\/04\/30\/youtube-comeca-a-liberar-recurso-que-era-exclusivo-do-premium-para-todos\/\">\n                                            YouTube come\u00e7a a liberar recurso que era exclusivo do Premium para todos                                        <\/a>\n                                    <\/h4>\n                                                                    <div class=\"entry-format\">\n                                        <a href=\"https:\/\/megaeletronicosjc.com.br\/index.php\/2026\/04\/30\/youtube-comeca-a-liberar-recurso-que-era-exclusivo-do-premium-para-todos\/\">\n                                            <div class=\"post-format format-\"> <\/div>\n                                        <\/a>\n                                    <\/div>\n                                <\/header>\n                            \n                                                            <div class=\"entry-content\">\n                                                                            <p>O YouTube come\u00e7ou a liberar o modo picture-in-picture (v\u00eddeo em mini janela) para usu\u00e1rios no mund ...<\/p><div class=\"clear\"><\/div>                                <\/div>\n                                                        \n                            <\/div>\n\n                        <\/article>\n<\/div><div class=\"aux-col aux-ajax-item post-51254\">\n                        <article class=\"post column-entry no-media post-51254 type-post status-publish format-standard hentry category-tecnologia\">\n                            \n                            <div class=\"entry-main\">\n                                                                                        \n                                <div class=\"entry-info\">\n                                                                    <div class=\"entry-date\">\n                                        <a href=\"https:\/\/megaeletronicosjc.com.br\/index.php\/2026\/04\/30\/musk-diz-em-julgamento-que-nao-leu-letras-miudas-sobre-openai-se-tornar-empresa-com-fins-lucrativos\/\">\n                                            <time datetime=\"2026-04-30T21:05:08-03:00\" title=\"2026-04-30T21:05:08-03:00\" >30 de abril de 2026<\/time>\n                                        <\/a>\n                                    <\/div>\n                                                                                                    <span class=\"entry-meta-sep meta-sep\">by<\/span>\n                                    <span class=\"author vcard\">\n                                        <a href=\"https:\/\/megaeletronicosjc.com.br\/index.php\/author\/\" rel=\"author\" title=\"\nVer todas as postagens de \" >\n                                                                                    <\/a>\n                                    <\/span>\n                                                                                                                                                                        <\/div>\n                            \n                                <header class=\"entry-header\">\n                                \n                                    <h4 class=\"entry-title\">\n                                        <a href=\"https:\/\/megaeletronicosjc.com.br\/index.php\/2026\/04\/30\/musk-diz-em-julgamento-que-nao-leu-letras-miudas-sobre-openai-se-tornar-empresa-com-fins-lucrativos\/\">\n                                            Musk diz em julgamento que n\u00e3o leu &#8220;letras mi\u00fadas&#8221; sobre OpenAI se tornar empresa com fins lucrativos                                        <\/a>\n                                    <\/h4>\n                                                                    <div class=\"entry-format\">\n                                        <a href=\"https:\/\/megaeletronicosjc.com.br\/index.php\/2026\/04\/30\/musk-diz-em-julgamento-que-nao-leu-letras-miudas-sobre-openai-se-tornar-empresa-com-fins-lucrativos\/\">\n                                            <div class=\"post-format format-\"> <\/div>\n                                        <\/a>\n                                    <\/div>\n                                <\/header>\n                            \n                                                            <div class=\"entry-content\">\n                                                                            <p>Por Deepa Seetharaman e Greg Bensinger Por Deepa Seetharaman e Greg Bensinger\r\nRead More<\/p><div class=\"clear\"><\/div>                                <\/div>\n                                                        \n                            <\/div>\n\n                        <\/article>\n<\/div><div class=\"aux-col aux-ajax-item post-51253\">\n                        <article class=\"post column-entry post-51253 type-post status-publish format-standard hentry category-tecnologia\">\n                                                        <div class=\"entry-media\"><div class=\"aux-media-frame aux-media-image aux-image-mask\"><a href=\"https:\/\/megaeletronicosjc.com.br\/index.php\/2026\/04\/30\/hackers-chineses-podem-ser-presos-nos-eua-se-viajarem-ao-pais-alerta-fbi\/\"><img src=\"https:\/\/conteudo.imguol.com.br\/c\/noticias\/da\/2025\/02\/24\/hacker-cibercrime-ciberseguranca-1740421763684_v2_142x100.jpg\" align=\"left\"><\/a><\/div><\/div>\n                            \n                            <div class=\"entry-main\">\n                                                                                        \n                                <div class=\"entry-info\">\n                                                                    <div class=\"entry-date\">\n                                        <a href=\"https:\/\/megaeletronicosjc.com.br\/index.php\/2026\/04\/30\/hackers-chineses-podem-ser-presos-nos-eua-se-viajarem-ao-pais-alerta-fbi\/\">\n                                            <time datetime=\"2026-04-30T21:05:08-03:00\" title=\"2026-04-30T21:05:08-03:00\" >30 de abril de 2026<\/time>\n                                        <\/a>\n                                    <\/div>\n                                                                                                    <span class=\"entry-meta-sep meta-sep\">by<\/span>\n                                    <span class=\"author vcard\">\n                                        <a href=\"https:\/\/megaeletronicosjc.com.br\/index.php\/author\/\" rel=\"author\" title=\"\nVer todas as postagens de \" >\n                                                                                    <\/a>\n                                    <\/span>\n                                                                                                                                                                        <\/div>\n                            \n                                <header class=\"entry-header\">\n                                \n                                    <h4 class=\"entry-title\">\n                                        <a href=\"https:\/\/megaeletronicosjc.com.br\/index.php\/2026\/04\/30\/hackers-chineses-podem-ser-presos-nos-eua-se-viajarem-ao-pais-alerta-fbi\/\">\n                                            Hackers chineses podem ser presos nos EUA se viajarem ao pa\u00eds, alerta FBI                                        <\/a>\n                                    <\/h4>\n                                                                    <div class=\"entry-format\">\n                                        <a href=\"https:\/\/megaeletronicosjc.com.br\/index.php\/2026\/04\/30\/hackers-chineses-podem-ser-presos-nos-eua-se-viajarem-ao-pais-alerta-fbi\/\">\n                                            <div class=\"post-format format-\"> <\/div>\n                                        <\/a>\n                                    <\/div>\n                                <\/header>\n                            \n                                                            <div class=\"entry-content\">\n                                                                            <p>O ecossistema de hackers de aluguel do governo chin\u00eas \"saiu do controle\" e fornece aos criminosos  ...<\/p><div class=\"clear\"><\/div>                                <\/div>\n                                                        \n                            <\/div>\n\n                        <\/article>\n<\/div><div class=\"aux-col aux-ajax-item post-51252\">\n                        <article class=\"post column-entry post-51252 type-post status-publish format-standard hentry category-tecnologia\">\n                                                        <div class=\"entry-media\"><div class=\"aux-media-frame aux-media-image aux-image-mask\"><a href=\"https:\/\/megaeletronicosjc.com.br\/index.php\/2026\/04\/30\/spotify-lanca-selo-que-diferencia-artistas-humanos-de-conteudo-feito-por-ia\/\"><img src=\"https:\/\/conteudo.imguol.com.br\/c\/entretenimento\/7f\/2025\/03\/11\/silhueta-de-pessoa-com-projecao-da-marca-spotify-ao-fundo-1741740185440_v2_142x100.jpg\" align=\"left\"><\/a><\/div><\/div>\n                            \n                            <div class=\"entry-main\">\n                                                                                        \n                                <div class=\"entry-info\">\n                                                                    <div class=\"entry-date\">\n                                        <a href=\"https:\/\/megaeletronicosjc.com.br\/index.php\/2026\/04\/30\/spotify-lanca-selo-que-diferencia-artistas-humanos-de-conteudo-feito-por-ia\/\">\n                                            <time datetime=\"2026-04-30T21:05:08-03:00\" title=\"2026-04-30T21:05:08-03:00\" >30 de abril de 2026<\/time>\n                                        <\/a>\n                                    <\/div>\n                                                                                                    <span class=\"entry-meta-sep meta-sep\">by<\/span>\n                                    <span class=\"author vcard\">\n                                        <a href=\"https:\/\/megaeletronicosjc.com.br\/index.php\/author\/\" rel=\"author\" title=\"\nVer todas as postagens de \" >\n                                                                                    <\/a>\n                                    <\/span>\n                                                                                                                                                                        <\/div>\n                            \n                                <header class=\"entry-header\">\n                                \n                                    <h4 class=\"entry-title\">\n                                        <a href=\"https:\/\/megaeletronicosjc.com.br\/index.php\/2026\/04\/30\/spotify-lanca-selo-que-diferencia-artistas-humanos-de-conteudo-feito-por-ia\/\">\n                                            Spotify lan\u00e7a selo que diferencia artistas humanos de conte\u00fado feito por IA                                        <\/a>\n                                    <\/h4>\n                                                                    <div class=\"entry-format\">\n                                        <a href=\"https:\/\/megaeletronicosjc.com.br\/index.php\/2026\/04\/30\/spotify-lanca-selo-que-diferencia-artistas-humanos-de-conteudo-feito-por-ia\/\">\n                                            <div class=\"post-format format-\"> <\/div>\n                                        <\/a>\n                                    <\/div>\n                                <\/header>\n                            \n                                                            <div class=\"entry-content\">\n                                                                            <p>O Spotify apresentou hoje uma fun\u00e7\u00e3o para ajudar os ouvintes a distinguir m\u00fasicos humanos de conte ...<\/p><div class=\"clear\"><\/div>                                <\/div>\n                                                        \n                            <\/div>\n\n                        <\/article>\n<\/div><div class=\"aux-col aux-ajax-item post-51251\">\n                        <article class=\"post column-entry post-51251 type-post status-publish format-standard hentry category-tecnologia\">\n                                                        <div class=\"entry-media\"><div class=\"aux-media-frame aux-media-image aux-image-mask\"><a href=\"https:\/\/megaeletronicosjc.com.br\/index.php\/2026\/04\/30\/hacker-de-15-anos-e-detido-apos-vazar-dados-de-12-milhoes-da-franca\/\"><img src=\"https:\/\/conteudo.imguol.com.br\/c\/noticias\/f2\/2025\/02\/24\/maos-de-hacker-usando-teclado-1740421820717_v2_142x100.jpg\" align=\"left\"><\/a><\/div><\/div>\n                            \n                            <div class=\"entry-main\">\n                                                                                        \n                                <div class=\"entry-info\">\n                                                                    <div class=\"entry-date\">\n                                        <a href=\"https:\/\/megaeletronicosjc.com.br\/index.php\/2026\/04\/30\/hacker-de-15-anos-e-detido-apos-vazar-dados-de-12-milhoes-da-franca\/\">\n                                            <time datetime=\"2026-04-30T18:28:35-03:00\" title=\"2026-04-30T18:28:35-03:00\" >30 de abril de 2026<\/time>\n                                        <\/a>\n                                    <\/div>\n                                                                                                    <span class=\"entry-meta-sep meta-sep\">by<\/span>\n                                    <span class=\"author vcard\">\n                                        <a href=\"https:\/\/megaeletronicosjc.com.br\/index.php\/author\/\" rel=\"author\" title=\"\nVer todas as postagens de \" >\n                                                                                    <\/a>\n                                    <\/span>\n                                                                                                                                                                        <\/div>\n                            \n                                <header class=\"entry-header\">\n                                \n                                    <h4 class=\"entry-title\">\n                                        <a href=\"https:\/\/megaeletronicosjc.com.br\/index.php\/2026\/04\/30\/hacker-de-15-anos-e-detido-apos-vazar-dados-de-12-milhoes-da-franca\/\">\n                                            Hacker de 15 anos \u00e9 detido ap\u00f3s vazar dados de 12 milh\u00f5es da Fran\u00e7a                                        <\/a>\n                                    <\/h4>\n                                                                    <div class=\"entry-format\">\n                                        <a href=\"https:\/\/megaeletronicosjc.com.br\/index.php\/2026\/04\/30\/hacker-de-15-anos-e-detido-apos-vazar-dados-de-12-milhoes-da-franca\/\">\n                                            <div class=\"post-format format-\"> <\/div>\n                                        <\/a>\n                                    <\/div>\n                                <\/header>\n                            \n                                                            <div class=\"entry-content\">\n                                                                            <p>Um adolescente de 15 anos foi detido no \u00e2mbito da investiga\u00e7\u00e3o de um ciberataque ao site da Ag\u00eanci ...<\/p><div class=\"clear\"><\/div>                                <\/div>\n                                                        \n                            <\/div>\n\n                        <\/article>\n<\/div><div class=\"aux-col aux-ajax-item post-51250\">\n                        <article class=\"post column-entry no-media post-51250 type-post status-publish format-standard hentry category-tecnologia\">\n                            \n                            <div class=\"entry-main\">\n                                                                                        \n                                <div class=\"entry-info\">\n                                                                    <div class=\"entry-date\">\n                                        <a href=\"https:\/\/megaeletronicosjc.com.br\/index.php\/2026\/04\/30\/amazon-diz-que-restauracao-das-operacoes-de-nuvem-danificadas-no-oriente-medio-levara-meses\/\">\n                                            <time datetime=\"2026-04-30T18:28:35-03:00\" title=\"2026-04-30T18:28:35-03:00\" >30 de abril de 2026<\/time>\n                                        <\/a>\n                                    <\/div>\n                                                                                                    <span class=\"entry-meta-sep meta-sep\">by<\/span>\n                                    <span class=\"author vcard\">\n                                        <a href=\"https:\/\/megaeletronicosjc.com.br\/index.php\/author\/\" rel=\"author\" title=\"\nVer todas as postagens de \" >\n                                                                                    <\/a>\n                                    <\/span>\n                                                                                                                                                                        <\/div>\n                            \n                                <header class=\"entry-header\">\n                                \n                                    <h4 class=\"entry-title\">\n                                        <a href=\"https:\/\/megaeletronicosjc.com.br\/index.php\/2026\/04\/30\/amazon-diz-que-restauracao-das-operacoes-de-nuvem-danificadas-no-oriente-medio-levara-meses\/\">\n                                            Amazon diz que restaura\u00e7\u00e3o das opera\u00e7\u00f5es de nuvem danificadas no Oriente M\u00e9dio levar\u00e1 meses                                        <\/a>\n                                    <\/h4>\n                                                                    <div class=\"entry-format\">\n                                        <a href=\"https:\/\/megaeletronicosjc.com.br\/index.php\/2026\/04\/30\/amazon-diz-que-restauracao-das-operacoes-de-nuvem-danificadas-no-oriente-medio-levara-meses\/\">\n                                            <div class=\"post-format format-\"> <\/div>\n                                        <\/a>\n                                    <\/div>\n                                <\/header>\n                            \n                                                            <div class=\"entry-content\">\n                                                                            <p>30 Abr (Reuters) - A Amazon  disse nesta quinta-feira que a restaura\u00e7\u00e3o das opera\u00e7\u00f5es de ?computa\u00e7 ...<\/p><div class=\"clear\"><\/div>                                <\/div>\n                                                        \n                            <\/div>\n\n                        <\/article>\n<\/div><div class=\"aux-col aux-ajax-item post-51249\">\n                        <article class=\"post column-entry post-51249 type-post status-publish format-standard hentry category-tecnologia\">\n                                                        <div class=\"entry-media\"><div class=\"aux-media-frame aux-media-image aux-image-mask\"><a href=\"https:\/\/megaeletronicosjc.com.br\/index.php\/2026\/04\/30\/leilao-da-anatel-de-700-mhz-e-suspenso-apos-decisao-da-justica\/\"><img src=\"https:\/\/conteudo.imguol.com.br\/c\/noticias\/db\/2023\/02\/20\/instalacao-de-antena-5g-da-ericsson-na-australia-1676917972224_v2_142x100.jpg\" align=\"left\"><\/a><\/div><\/div>\n                            \n                            <div class=\"entry-main\">\n                                                                                        \n                                <div class=\"entry-info\">\n                                                                    <div class=\"entry-date\">\n                                        <a href=\"https:\/\/megaeletronicosjc.com.br\/index.php\/2026\/04\/30\/leilao-da-anatel-de-700-mhz-e-suspenso-apos-decisao-da-justica\/\">\n                                            <time datetime=\"2026-04-30T17:30:49-03:00\" title=\"2026-04-30T17:30:49-03:00\" >30 de abril de 2026<\/time>\n                                        <\/a>\n                                    <\/div>\n                                                                                                    <span class=\"entry-meta-sep meta-sep\">by<\/span>\n                                    <span class=\"author vcard\">\n                                        <a href=\"https:\/\/megaeletronicosjc.com.br\/index.php\/author\/\" rel=\"author\" title=\"\nVer todas as postagens de \" >\n                                                                                    <\/a>\n                                    <\/span>\n                                                                                                                                                                        <\/div>\n                            \n                                <header class=\"entry-header\">\n                                \n                                    <h4 class=\"entry-title\">\n                                        <a href=\"https:\/\/megaeletronicosjc.com.br\/index.php\/2026\/04\/30\/leilao-da-anatel-de-700-mhz-e-suspenso-apos-decisao-da-justica\/\">\n                                            Leil\u00e3o da Anatel de 700 MHz \u00e9 suspenso ap\u00f3s decis\u00e3o da Justi\u00e7a                                        <\/a>\n                                    <\/h4>\n                                                                    <div class=\"entry-format\">\n                                        <a href=\"https:\/\/megaeletronicosjc.com.br\/index.php\/2026\/04\/30\/leilao-da-anatel-de-700-mhz-e-suspenso-apos-decisao-da-justica\/\">\n                                            <div class=\"post-format format-\"> <\/div>\n                                        <\/a>\n                                    <\/div>\n                                <\/header>\n                            \n                                                            <div class=\"entry-content\">\n                                                                            <p>A Ag\u00eancia Nacional de Telecomunica\u00e7\u00f5es (Anatel) suspendeu temporariamente o leil\u00e3o de frequ\u00eancias  ...<\/p><div class=\"clear\"><\/div>                                <\/div>\n                                                        \n                            <\/div>\n\n                        <\/article>\n<\/div><div class=\"aux-col aux-ajax-item post-51248\">\n                        <article class=\"post column-entry no-media post-51248 type-post status-publish format-standard hentry category-tecnologia\">\n                            \n                            <div class=\"entry-main\">\n                                                                                        \n                                <div class=\"entry-info\">\n                                                                    <div class=\"entry-date\">\n                                        <a href=\"https:\/\/megaeletronicosjc.com.br\/index.php\/2026\/04\/30\/china-lanca-campanha-de-meses-contra-uso-indevido-de-ia\/\">\n                                            <time datetime=\"2026-04-30T17:30:49-03:00\" title=\"2026-04-30T17:30:49-03:00\" >30 de abril de 2026<\/time>\n                                        <\/a>\n                                    <\/div>\n                                                                                                    <span class=\"entry-meta-sep meta-sep\">by<\/span>\n                                    <span class=\"author vcard\">\n                                        <a href=\"https:\/\/megaeletronicosjc.com.br\/index.php\/author\/\" rel=\"author\" title=\"\nVer todas as postagens de \" >\n                                                                                    <\/a>\n                                    <\/span>\n                                                                                                                                                                        <\/div>\n                            \n                                <header class=\"entry-header\">\n                                \n                                    <h4 class=\"entry-title\">\n                                        <a href=\"https:\/\/megaeletronicosjc.com.br\/index.php\/2026\/04\/30\/china-lanca-campanha-de-meses-contra-uso-indevido-de-ia\/\">\n                                            China lan\u00e7a campanha de meses contra uso indevido de IA                                        <\/a>\n                                    <\/h4>\n                                                                    <div class=\"entry-format\">\n                                        <a href=\"https:\/\/megaeletronicosjc.com.br\/index.php\/2026\/04\/30\/china-lanca-campanha-de-meses-contra-uso-indevido-de-ia\/\">\n                                            <div class=\"post-format format-\"> <\/div>\n                                        <\/a>\n                                    <\/div>\n                                <\/header>\n                            \n                                                            <div class=\"entry-content\">\n                                                                            <p>PEQUIM, 30 Abr (Reuters) - O administrador do ?ciberespa\u00e7o da China ?est\u00e1 lan\u00e7ando uma campanha de ...<\/p><div class=\"clear\"><\/div>                                <\/div>\n                                                        \n                            <\/div>\n\n                        <\/article>\n<\/div><\/div>\n        <div class=\"aux-ajax-controller\">\n            <nav class=\"aux-next-prev-posts nav-skin-minimal\">\n                <section class=\"aux-load-next-prev hidden np-prev-section\">\n                    <div class=\"np-arrow\">\n                        <div class=\"aux-arrow-nav aux-hover-slide aux-round aux-outline aux-medium\">\n                            <span class=\"aux-overlay\"><\/span>\n                            <span class=\"aux-svg-arrow aux-medium-left\"><\/span>\n                            <span class=\"aux-hover-arrow aux-svg-arrow aux-medium-left aux-white\"><\/span>\n                        <\/div>\n                    <\/div>\n                    <p class=\"np-nav-text\">Previous<\/p>\n                    <h4 class=\"np-title\">page<\/h4>\n                <\/section>\n                <section class=\"aux-load-next-prev np-next-section\">\n                    <div class=\"np-arrow\">\n                        <div class=\"aux-arrow-nav aux-hover-slide aux-round aux-outline aux-medium\">\n                            <span class=\"aux-overlay\"><\/span>\n                            <span class=\"aux-svg-arrow aux-medium-right\"><\/span>\n                            <span class=\"aux-hover-arrow aux-svg-arrow aux-medium-right aux-white\"><\/span>\n                        <\/div>\n                    <\/div>\n                    <p class=\"np-nav-text\">Next<\/p>\n                    <h4 class=\"np-title\">Page<\/h4>\n                <\/section>\n\n            <\/nav>\n        <\/div><\/section><!-- widget-container -->\t\t<\/div>\n\t\t\t\t<\/div>\n\t\t\t\t\t\t<\/div>\n\t\t\t<\/div>\n\t\t<\/div>\n\t\t\t\t\t\t<\/div>\n\t\t\t<\/div>\n\t\t<\/section>\n\t\t\t\t\t\t<\/div>\n\t\t\t<\/div>\n\t\t<\/div>\n\t\t","protected":false},"excerpt":{"rendered":"<p>2 de outubro de 2020 by megaeletronicos | Edit Com autoridades rondando, Google come\u00e7a a ser bonzinho com rivais menoreson 2 de outubro de 2020 at 13:44 Por Paresh Dave e Sheila Dang Por Paresh Dave e Sheila Dang Leia Mais 2 de outubro de 2020 by megaeletronicos | Edit Investimentos da Huawei s\u00e3o &#8220;a\u00e7\u00f5es [&hellip;]<\/p>\n","protected":false},"author":1,"featured_media":0,"parent":0,"menu_order":0,"comment_status":"closed","ping_status":"closed","template":"templates\/page-builder-content.php","meta":[],"_links":{"self":[{"href":"https:\/\/megaeletronicosjc.com.br\/index.php\/wp-json\/wp\/v2\/pages\/90"}],"collection":[{"href":"https:\/\/megaeletronicosjc.com.br\/index.php\/wp-json\/wp\/v2\/pages"}],"about":[{"href":"https:\/\/megaeletronicosjc.com.br\/index.php\/wp-json\/wp\/v2\/types\/page"}],"author":[{"embeddable":true,"href":"https:\/\/megaeletronicosjc.com.br\/index.php\/wp-json\/wp\/v2\/users\/1"}],"replies":[{"embeddable":true,"href":"https:\/\/megaeletronicosjc.com.br\/index.php\/wp-json\/wp\/v2\/comments?post=90"}],"version-history":[{"count":3,"href":"https:\/\/megaeletronicosjc.com.br\/index.php\/wp-json\/wp\/v2\/pages\/90\/revisions"}],"predecessor-version":[{"id":1686,"href":"https:\/\/megaeletronicosjc.com.br\/index.php\/wp-json\/wp\/v2\/pages\/90\/revisions\/1686"}],"wp:attachment":[{"href":"https:\/\/megaeletronicosjc.com.br\/index.php\/wp-json\/wp\/v2\/media?parent=90"}],"curies":[{"name":"wp","href":"https:\/\/api.w.org\/{rel}","templated":true}]}}